{"id":3728,"date":"2019-08-10T12:52:07","date_gmt":"2019-08-10T10:52:07","guid":{"rendered":"http:\/\/sac-homberg.ch\/wordpress\/?page_id=3728"},"modified":"2019-08-10T12:52:07","modified_gmt":"2019-08-10T10:52:07","slug":"buecherliste","status":"publish","type":"page","link":"https:\/\/sac-homberg.ch\/wordpress\/verschiedenes\/fuer-mitglieder\/buecherliste\/","title":{"rendered":"B\u00fccherliste"},"content":{"rendered":"\n<table class=\"wp-block-table has-subtle-pale-green-background-color has-background is-style-stripes\"><tbody><tr><td><strong>Titel<\/strong><\/td><td><strong>Untertitel<\/strong><\/td><td><strong>Autor<\/strong><\/td><td><strong>Erscheinungsjahr<\/strong><\/td><td><strong>Rubrik<\/strong><\/td><\/tr><tr><td>Zentralschweiz\/Vierwaldst\u00e4ttersee<\/td><td>Pilatus bis W\u00e4gital<\/td><td>Remo Kundert\/Marco Volken<\/td><td>2011<\/td><td>Wandern<\/td><\/tr><tr><td>Alpstein<\/td><td>S\u00e4ntis\/Kreuzberge\/Hundstein\/Altmann<\/td><td>Werner K\u00fcng<\/td><td>2011<\/td><td>Klettern<\/td><\/tr><tr><td>Hochtouren Wallis<\/td><td>Vom Trient zum Nufenenpass<\/td><td>Hermann Biner<\/td><td>1994<\/td><td>Clubf\u00fchrer<\/td><\/tr><tr><td>Walliser Alpen<\/td><td>Vom Strahlhorn zum Simplon<\/td><td>Clubf\u00fchrer<\/td><td>1993<\/td><td>Clubf\u00fchrer<\/td><\/tr><tr><td>Guide des Alpes Valaisannes 1<\/td><td>Du Trient au Gd-St-Bernard<\/td><td>Clubf\u00fchrer<\/td><td>1989<\/td><td>Clubf\u00fchrer<\/td><\/tr><tr><td>Guide des Alpes Valaisannes 2<\/td><td>Gd-St-Bernard au Col Collon<\/td><td>Clubf\u00fchrer<\/td><td>1987<\/td><td>Clubf\u00fchrer<\/td><\/tr><tr><td>Walliser Alpen 3<\/td><td>Vom Col Collon zun Theodulpass<\/td><td>Clubf\u00fchrer<\/td><td>1993<\/td><td>Clubf\u00fchrer<\/td><\/tr><tr><td>Guide des Alpes Valaisannes 4<\/td><td>Du Theodulpass au Monte Moro<\/td><td>Clubf\u00fchrer<\/td><td>1992<\/td><td>Clubf\u00fchrer<\/td><\/tr><tr><td>Walliser Alpen 4<\/td><td>Vom Theodulpass zum Monte Moro<\/td><td>Clubf\u00fchrer<\/td><td>1993<\/td><td>Clubf\u00fchrer<\/td><\/tr><tr><td>Guide des Alpes Valaisannes 5<\/td><td>Du Strahlhorn au Simplon<\/td><td>Clubf\u00fchrer<\/td><td>1991<\/td><td>Clubf\u00fchrer<\/td><\/tr><tr><td>Guide des Alpes Valaisannes 3<\/td><td>Du Col Collon au Theodulpass<\/td><td>Clubf\u00fchrer<\/td><td>1986<\/td><td>Clubf\u00fchrer<\/td><\/tr><tr><td>Walliser Alpen 6<\/td><td>Vom Simplon zum Nufenenpass<\/td><td>Clubf\u00fchrer<\/td><td>1994<\/td><td>Clubf\u00fchrer<\/td><\/tr><tr><td>Berner Alpen 1<\/td><td>Sanetsch bis Gemmi<\/td><td>Clubf\u00fchrer<\/td><td>1991<\/td><td>Clubf\u00fchrer<\/td><\/tr><tr><td>Berner Alpen 2<\/td><td>Gemmi bis Petersgrat<\/td><td>Clubf\u00fchrer<\/td><td>1993<\/td><td>Clubf\u00fchrer<\/td><\/tr><tr><td>Berner Alpen 4<\/td><td><\/td><td>Clubf\u00fchrer<\/td><td>1989<\/td><td>Clubf\u00fchrer<\/td><\/tr><tr><td>Berner Alpen 5<\/td><td>Von Grindelwald zur Grimsel<\/td><td>Ueli Mosimann<\/td><td>1996<\/td><td>Clubf\u00fchrer<\/td><\/tr><tr><td>Berner Voralpen<\/td><td><\/td><td>Maurice Brandt<\/td><td>1981<\/td><td>Clubf\u00fchrer<\/td><\/tr><tr><td>Guide des Alpes bernoise<\/td><td><\/td><td>Maurice Brandt<\/td><td>1982<\/td><td>Clubf\u00fchrer<\/td><\/tr><tr><td>B\u00fcndner Alpen 1<\/td><td>Tamina- und Plessurgebirge<\/td><td><\/td><td>1988<\/td><td>Clubf\u00fchrer<\/td><\/tr><tr><td>B\u00fcndner Alpen 2<\/td><td>Vom Lukmanier zum Domleschg<\/td><td>Manfred Hunziker<\/td><td>1996<\/td><td>Clubf\u00fchrer<\/td><\/tr><tr><td>B\u00fcndner Alpen 3<\/td><td>Avers (San Bernardino bis Septimer)<\/td><td><\/td><td>1994<\/td><td>Clubf\u00fchrer<\/td><\/tr><tr><td>B\u00fcndner Alpen 4<\/td><td>S\u00fcdliches Bergell &#8211; Disgrazia<\/td><td><\/td><td>1992<\/td><td>Clubf\u00fchrer<\/td><\/tr><tr><td>B\u00fcndner Alpen 5<\/td><td>Bernina Gruppe<\/td><td><\/td><td>1993<\/td><td>Clubf\u00fchrer<\/td><\/tr><tr><td>B\u00fcndner Alpen 6<\/td><td>Albula<\/td><td><\/td><td>1980<\/td><td>Clubf\u00fchrer<\/td><\/tr><tr><td>B\u00fcndner Alpen 7<\/td><td>R\u00e4tikon<\/td><td><\/td><td>1989<\/td><td>Clubf\u00fchrer<\/td><\/tr><tr><td>B\u00fcndner Alpen 8<\/td><td>Silvretta &#8211; Samnaun<\/td><td><\/td><td>1985<\/td><td>Clubf\u00fchrer<\/td><\/tr><tr><td>B\u00fcndner Alpen 9<\/td><td>Engiadina Bassa \/ Val M\u00fcstair<\/td><td><\/td><td>1986<\/td><td>Clubf\u00fchrer<\/td><\/tr><tr><td>B\u00fcndner Alpen 10<\/td><td>Mittleres Engadin &#8211; Puschlav<\/td><td><\/td><td>1984<\/td><td>Clubf\u00fchrer<\/td><\/tr><tr><td>Tessiner Alpen 1<\/td><td>Vom Gridone zum Sankt Gotthard<\/td><td><\/td><td>1992<\/td><td>Clubf\u00fchrer<\/td><\/tr><tr><td>Tessiner Alpen 2<\/td><td>Von der Cristallina zum Sassariente<\/td><td><\/td><td>1992<\/td><td>Clubf\u00fchrer<\/td><\/tr><tr><td>Tessiner Alpen 3<\/td><td>Von der Piora zum Pizzo di Claro<\/td><td>Giuseppe Brenna<\/td><td>1996<\/td><td>Clubf\u00fchrer<\/td><\/tr><tr><td>Alpi Ticinesi 3<\/td><td>Dal Passo del San Gottardo al Pizzo&nbsp; di Claro<\/td><td><\/td><td>1994<\/td><td>Clubf\u00fchrer<\/td><\/tr><tr><td>Gotthard<\/td><td>Von der Furka zum Lukmanier<\/td><td>Hunziker\/Brandt\/Brenna<\/td><td>1995<\/td><td>Clubf\u00fchrer<\/td><\/tr><tr><td>Guide des Pr\u00e9alpes\n  fribourgeoises<\/td><td>Du L\u00e9man au Thunersee<\/td><td><\/td><td>1991<\/td><td>Clubf\u00fchrer<\/td><\/tr><tr><td>Guide des Alpes et Pr\u00e9alpes\n  vaudoises<\/td><td><\/td><td><\/td><td>1985<\/td><td>Clubf\u00fchrer<\/td><\/tr><tr><td>Escalades dans le Jura 2<\/td><td>Ar\u00eate des Som\u00eatres &#8211; Bienne -Moutier &#8211; Ar\u00eate du Raimeux<\/td><td><\/td><td>1981<\/td><td>Klettern<\/td><\/tr><tr><td>Urner Alpen 2<\/td><td>G\u00f6scheneralp &#8211; Furka &#8211; Grimsel<\/td><td>Toni Fullin \/ Andi Banholzer<\/td><td>1996<\/td><td>Clubf\u00fchrer<\/td><\/tr><tr><td>Alpine Skitouren 5<\/td><td>Glarus &#8211; St. Gallen &#8211; Appenzell<\/td><td>WernerLuchsinger<\/td><td>1997<\/td><td>Skitouren<\/td><\/tr><tr><td>Alpine Skitouren 5<\/td><td>Glarner Alpen<\/td><td><\/td><td>1983<\/td><td>Skitouren<\/td><\/tr><tr><td>Arrampicare a Chiavenna<\/td><td><\/td><td>GuidoLisignoli<\/td><td>1991<\/td><td>Klettern<\/td><\/tr><tr><td>Kletterf\u00fchrer<\/td><td>Bockmattli, Br\u00fcgglerkette,Amden<\/td><td><\/td><td>1992<\/td><td>Klettern<\/td><\/tr><tr><td>Kletterf\u00fchrer<\/td><td>Klausen &#8211; Urnersee<\/td><td>Heinz Leuzinger<\/td><td>1977<\/td><td>Klettern<\/td><\/tr><tr><td>Kletterf\u00fchrer<\/td><td>Zentralschweizerische Voralpen<\/td><td>Urs L\u00f6tscher<\/td><td>1995<\/td><td>Klettern<\/td><\/tr><tr><td>Escalades dans le Jura<\/td><td>Del\u00e9mont &#8211; Moutier &#8211; Bienne<\/td><td>Philippe Steulet<\/td><td>1995<\/td><td>Klettern<\/td><\/tr><tr><td>Kletterf\u00fchrer<\/td><td>Churfirsten &#8211; Aliverkette &#8211; Fl\u00e4scherberg<\/td><td>Thomas W\u00e4lti<\/td><td>1995<\/td><td>Klettern<\/td><\/tr><tr><td>Kletterf\u00fchrer<\/td><td>Alpstein (S\u00e4ntis,Kreuzberge, Hundstein, Altmann)<\/td><td>Werner K\u00fcng<\/td><td>2011<\/td><td>Klettern<\/td><\/tr><tr><td>Kletterf\u00fchrer<\/td><td>Vertical Jura<\/td><td>Martin Brunner, Ir\u00e9ne Roth<\/td><td>1994<\/td><td>Klettern<\/td><\/tr><tr><td>Bergsport Winter<\/td><td>Technik, Taktik, Sicherheit<\/td><td>Winkler, Brehm, Haltmeier<\/td><td>2005<\/td><td>Alpintechnik<\/td><\/tr><tr><td>Bergsport Sommer<\/td><td>Technik, Taktik, Sicherheit<\/td><td>Winkler, Brehm, Haltmeier<\/td><td>2006<\/td><td>Alpintechnik<\/td><\/tr><tr><td>Unsere Alpenflora<\/td><td><\/td><td>Elias Landolt<\/td><td>1984<\/td><td>Natur<\/td><\/tr><tr><td>Alpinwandern<\/td><td>Zentralschweiz, Vierwaldst\u00e4dtersee (Pilatus bis W\u00e4gital)<\/td><td>Remo Kundert\/Marco Volken<\/td><td>2011<\/td><td>Wandern<\/td><\/tr><tr><td>Kleine Wetterkunde f\u00fcr\n  Bergsteiger<\/td><td><\/td><td>Peter Albisser<\/td><td>1982<\/td><td>Alpintechnik<\/td><\/tr><tr><td>Der Weg ist der Gipfel<\/td><td>150 Jahre Alpenverein Sektion Austria<\/td><td><\/td><td>2012<\/td><td>Diverse<\/td><\/tr><tr><td>Das Familien-Velobuch<\/td><td>Radfahren in der Schweiz<\/td><td>A. Urbach\/U. Kyburz<\/td><td>2012<\/td><td>Diverse<\/td><\/tr><tr><td>Bergtouren f\u00fcr Familien<\/td><td>21 Ausfl\u00fcge in die Schweizer Alpen und in den Jura<\/td><td>U. Kyburz<\/td><td>2013<\/td><td>Wandern<\/td><\/tr><\/tbody><\/table>\n","protected":false},"excerpt":{"rendered":"<p>Titel Untertitel Autor Erscheinungsjahr Rubrik Zentralschweiz\/Vierwaldst\u00e4ttersee Pilatus bis W\u00e4gital Remo Kundert\/Marco Volken 2011 Wandern Alpstein S\u00e4ntis\/Kreuzberge\/Hundstein\/Altmann Werner K\u00fcng 2011 Klettern Hochtouren Wallis Vom Trient zum Nufenenpass Hermann Biner 1994 Clubf\u00fchrer Walliser Alpen Vom Strahlhorn zum Simplon Clubf\u00fchrer 1993 Clubf\u00fchrer Guide des Alpes Valaisannes 1 Du Trient au Gd-St-Bernard Clubf\u00fchrer 1989 Clubf\u00fchrer Guide des Alpes Valaisannes &hellip; <a href=\"https:\/\/sac-homberg.ch\/wordpress\/verschiedenes\/fuer-mitglieder\/buecherliste\/\" class=\"more-link\"><span class=\"screen-reader-text\">B\u00fccherliste<\/span> weiterlesen <span class=\"meta-nav\">&rarr;<\/span><\/a><\/p>\n","protected":false},"author":1,"featured_media":0,"parent":24,"menu_order":0,"comment_status":"closed","ping_status":"closed","template":"","meta":{"_monsterinsights_skip_tracking":false,"_monsterinsights_sitenote_active":false,"_monsterinsights_sitenote_note":"","_monsterinsights_sitenote_category":0,"jetpack_post_was_ever_published":false,"footnotes":""},"class_list":["post-3728","page","type-page","status-publish","hentry"],"jetpack_shortlink":"https:\/\/wp.me\/P772lX-Y8","jetpack_sharing_enabled":true,"_links":{"self":[{"href":"https:\/\/sac-homberg.ch\/wordpress\/wp-json\/wp\/v2\/pages\/3728","targetHints":{"allow":["GET"]}}],"collection":[{"href":"https:\/\/sac-homberg.ch\/wordpress\/wp-json\/wp\/v2\/pages"}],"about":[{"href":"https:\/\/sac-homberg.ch\/wordpress\/wp-json\/wp\/v2\/types\/page"}],"author":[{"embeddable":true,"href":"https:\/\/sac-homberg.ch\/wordpress\/wp-json\/wp\/v2\/users\/1"}],"replies":[{"embeddable":true,"href":"https:\/\/sac-homberg.ch\/wordpress\/wp-json\/wp\/v2\/comments?post=3728"}],"version-history":[{"count":2,"href":"https:\/\/sac-homberg.ch\/wordpress\/wp-json\/wp\/v2\/pages\/3728\/revisions"}],"predecessor-version":[{"id":3730,"href":"https:\/\/sac-homberg.ch\/wordpress\/wp-json\/wp\/v2\/pages\/3728\/revisions\/3730"}],"up":[{"embeddable":true,"href":"https:\/\/sac-homberg.ch\/wordpress\/wp-json\/wp\/v2\/pages\/24"}],"wp:attachment":[{"href":"https:\/\/sac-homberg.ch\/wordpress\/wp-json\/wp\/v2\/media?parent=3728"}],"curies":[{"name":"wp","href":"https:\/\/api.w.org\/{rel}","templated":true}]}}